{"id":175,"date":"2019-02-08T12:48:36","date_gmt":"2019-02-08T12:48:36","guid":{"rendered":"http:\/\/institutvilley.com\/?page_id=175"},"modified":"2025-09-19T07:16:37","modified_gmt":"2025-09-19T07:16:37","slug":"accueil","status":"publish","type":"page","link":"https:\/\/institutvilley.com\/","title":{"rendered":"Accueil"},"content":{"rendered":"<div class=\"fusion-fullwidth fullwidth-box fusion-builder-row-1 nonhundred-percent-fullwidth non-hundred-percent-height-scrolling\"  style='background-color: rgba(255,255,255,0);background-position: center center;background-repeat: no-repeat;padding-top:0px;padding-right:0px;padding-bottom:0px;padding-left:0px;'><div class=\"fusion-builder-row fusion-row \"><div id=\"widget-events-accueil\" class=\"fusion-layout-column fusion_builder_column fusion_builder_column_1_2 fusion-builder-column-0 fusion-one-half fusion-column-first 1_2\"  style='margin-top:0px;margin-bottom:20px;width:50%;width:calc(50% - ( ( 4% ) * 0.5 ) );margin-right: 4%;'><div class=\"fusion-column-wrapper\" style=\"padding: 0px 0px 0px 0px;background-position:left top;background-repeat:no-repeat;-webkit-background-size:cover;-moz-background-size:cover;-o-background-size:cover;background-size:cover;\"   data-bg-url=\"\"><span style=\"-webkit-border-radius:5px;-moz-border-radius:5px;border-radius:5px;\" class=\"fusion-imageframe imageframe-none imageframe-1 hover-type-none\"><img loading=\"lazy\" decoding=\"async\" src=\"http:\/\/institutvilley.com\/wp-content\/uploads\/2019\/02\/ban-annonce.jpg\" width=\"600\" height=\"83\" alt=\"\" title=\"ban-annonce\" class=\"img-responsive wp-image-379\" srcset=\"https:\/\/institutvilley.com\/wp-content\/uploads\/2019\/02\/ban-annonce-200x28.jpg 200w, https:\/\/institutvilley.com\/wp-content\/uploads\/2019\/02\/ban-annonce-400x55.jpg 400w, https:\/\/institutvilley.com\/wp-content\/uploads\/2019\/02\/ban-annonce.jpg 600w\" sizes=\"(max-width: 800px) 100vw, 600px\" \/><\/span><ul id=\"widget-events-accueil-ul\">\n<li><h4 class=\"widget-event-accueil-h4\"><b><a href=\"https:\/\/institutvilley.com\/?event=chaire-villey-2026\">Chaire Villey 2026 - Professor James Whitman (Yale Univ.)<\/a><\/b><\/h4>Chaire Villey | 21 mai 2026, 16:00<\/li>\n<\/ul><div class=\"fusion-clearfix\"><\/div><\/div><\/div><div  class=\"fusion-layout-column fusion_builder_column fusion_builder_column_1_2 fusion-builder-column-1 fusion-one-half fusion-column-last 1_2\"  style='margin-top:0px;margin-bottom:20px;width:50%;width:calc(50% - ( ( 4% ) * 0.5 ) );'><div class=\"fusion-column-wrapper\" style=\"background-color:#ffffff;padding: 0px 0px 0px 0px;background-position:left top;background-repeat:no-repeat;-webkit-background-size:cover;-moz-background-size:cover;-o-background-size:cover;background-size:cover;\"   data-bg-url=\"\"><span style=\"-webkit-border-radius:5px;-moz-border-radius:5px;border-radius:5px;\" class=\"fusion-imageframe imageframe-none imageframe-2 hover-type-none\"><img loading=\"lazy\" decoding=\"async\" src=\"http:\/\/institutvilley.com\/wp-content\/uploads\/2019\/02\/ban-annonces.jpg\" width=\"600\" height=\"83\" alt=\"\" title=\"ban-annonces\" class=\"img-responsive wp-image-381\" srcset=\"https:\/\/institutvilley.com\/wp-content\/uploads\/2019\/02\/ban-annonces-200x28.jpg 200w, https:\/\/institutvilley.com\/wp-content\/uploads\/2019\/02\/ban-annonces-400x55.jpg 400w, https:\/\/institutvilley.com\/wp-content\/uploads\/2019\/02\/ban-annonces.jpg 600w\" sizes=\"(max-width: 800px) 100vw, 600px\" \/><\/span><div class=\"fusion-recent-posts fusion-recent-posts-1 avada-container layout-default layout-columns-1\"><section class=\"fusion-columns columns fusion-columns-1 columns-1\"><article class=\"post fusion-column column col col-lg-12 col-md-12 col-sm-12\"><div class=\"recent-posts-content\"><span class=\"vcard\" style=\"display: none;\"><span class=\"fn\"><a href=\"https:\/\/institutvilley.com\/?author=1\" title=\"Articles par Institut Villey\" rel=\"author\">Institut Villey<\/a><\/span><\/span><span class=\"updated\" style=\"display:none;\">2026-04-13T14:49:25+00:00<\/span><h4 class=\"entry-title\"><a href=\"https:\/\/institutvilley.com\/?p=3908\">Prix des d\u00e9put\u00e9s 2026 &#8211; Denis Baranger et Olivier Beaud<\/a><\/h4><p class=\"meta\"><span class=\"vcard\" style=\"display: none;\"><span class=\"fn\"><a href=\"https:\/\/institutvilley.com\/?author=1\" title=\"Articles par Institut Villey\" rel=\"author\">Institut Villey<\/a><\/span><\/span><span class=\"updated\" style=\"display:none;\">2026-04-13T14:49:25+00:00<\/span><span>13 avril 2026<\/span><span class=\"fusion-inline-sep\">|<\/span><a href=\"https:\/\/institutvilley.com\/?cat=54\" rel=\"category\">Prix<\/a><span class=\"fusion-inline-sep\">|<\/span><\/p><p>L'Institut Villey a le plaisir d'annoncer que les professeurs Baranger et Beaud ont re\u00e7u le prix des d\u00e9put\u00e9s 2026 pour leur ouvrage La dissolution de la Ve R\u00e9publique (lien vers le site de l'\u00e9diteur).<\/p><\/div><\/article><article class=\"post fusion-column column col col-lg-12 col-md-12 col-sm-12\"><div class=\"recent-posts-content\"><span class=\"vcard\" style=\"display: none;\"><span class=\"fn\"><a href=\"https:\/\/institutvilley.com\/?author=1\" title=\"Articles par Institut Villey\" rel=\"author\">Institut Villey<\/a><\/span><\/span><span class=\"updated\" style=\"display:none;\">2026-03-25T14:49:08+00:00<\/span><h4 class=\"entry-title\"><a href=\"https:\/\/institutvilley.com\/?p=3826\">CNU 2026 &#8211; R\u00e9sultats des qualifications<\/a><\/h4><p class=\"meta\"><span class=\"vcard\" style=\"display: none;\"><span class=\"fn\"><a href=\"https:\/\/institutvilley.com\/?author=1\" title=\"Articles par Institut Villey\" rel=\"author\">Institut Villey<\/a><\/span><\/span><span class=\"updated\" style=\"display:none;\">2026-03-25T14:49:08+00:00<\/span><span>25 mars 2026<\/span><span class=\"fusion-inline-sep\">|<\/span><a href=\"https:\/\/institutvilley.com\/?cat=54\" rel=\"category\">Prix<\/a>, <a href=\"https:\/\/institutvilley.com\/?cat=1\" rel=\"category\">Uncategorized<\/a><span class=\"fusion-inline-sep\">|<\/span><\/p><p>l'Institut Villey a le plaisir d'annoncer la qualification (section 02) de 5 de ses docteurs ayant soutenu leur th\u00e8se en 2025 : AL-NASR Ana\u00efs (dir. C. Gu\u00e9rin-Bargues) BRISSIER Nolwenn (dir. D. Baranger) DE TRAVY Aur\u00e9lien [...]<\/p><\/div><\/article><article class=\"post fusion-column column col col-lg-12 col-md-12 col-sm-12\"><div class=\"recent-posts-content\"><span class=\"vcard\" style=\"display: none;\"><span class=\"fn\"><a href=\"https:\/\/institutvilley.com\/?author=1\" title=\"Articles par Institut Villey\" rel=\"author\">Institut Villey<\/a><\/span><\/span><span class=\"updated\" style=\"display:none;\">2026-03-25T14:00:07+00:00<\/span><h4 class=\"entry-title\"><a href=\"https:\/\/institutvilley.com\/?p=3808\">L&rsquo;Assembl\u00e9e nationale a attribu\u00e9 son prix sp\u00e9cial 2026 \u00e0 Nolwenn Brissier<\/a><\/h4><p class=\"meta\"><span class=\"vcard\" style=\"display: none;\"><span class=\"fn\"><a href=\"https:\/\/institutvilley.com\/?author=1\" title=\"Articles par Institut Villey\" rel=\"author\">Institut Villey<\/a><\/span><\/span><span class=\"updated\" style=\"display:none;\">2026-03-25T14:00:07+00:00<\/span><span>25 mars 2026<\/span><span class=\"fusion-inline-sep\">|<\/span><a href=\"https:\/\/institutvilley.com\/?cat=54\" rel=\"category\">Prix<\/a><span class=\"fusion-inline-sep\">|<\/span><\/p><p>Le Prix sp\u00e9cial de l'Assembl\u00e9e nationale en droit politique et parlementaire a \u00e9t\u00e9 attribu\u00e9, pour l'ann\u00e9e 2026, \u00e0 madame Nolwenn Brissier, docteur de l'Institut Michel Villey pour sa th\u00e8se :\u00a0L\u2019interpr\u00e9tation de la constitution. Entre exceptionnalit\u00e9 [...]<\/p><\/div><\/article><\/section><\/div><div class=\"fusion-clearfix\"><\/div><\/div><\/div><div  class=\"fusion-layout-column fusion_builder_column fusion_builder_column_1_2 fusion-builder-column-2 fusion-one-half fusion-column-first 1_2\"  style='margin-top:0px;margin-bottom:20px;width:48%; margin-right: 4%;'><div class=\"fusion-column-wrapper\" style=\"background-color:#ffffff;padding: 0px 0px 0px 0px;background-position:left top;background-repeat:no-repeat;-webkit-background-size:cover;-moz-background-size:cover;-o-background-size:cover;background-size:cover;\"   data-bg-url=\"\"><span style=\"-webkit-border-radius:5px;-moz-border-radius:5px;border-radius:5px;\" class=\"fusion-imageframe imageframe-none imageframe-3 hover-type-none\"><img loading=\"lazy\" decoding=\"async\" src=\"http:\/\/institutvilley.com\/wp-content\/uploads\/2019\/02\/ban-publications-imv3.jpg\" width=\"600\" height=\"83\" alt=\"\" title=\"ban-publications-imv3\" class=\"img-responsive wp-image-428\" srcset=\"https:\/\/institutvilley.com\/wp-content\/uploads\/2019\/02\/ban-publications-imv3-200x28.jpg 200w, https:\/\/institutvilley.com\/wp-content\/uploads\/2019\/02\/ban-publications-imv3-400x55.jpg 400w, https:\/\/institutvilley.com\/wp-content\/uploads\/2019\/02\/ban-publications-imv3.jpg 600w\" sizes=\"(max-width: 800px) 100vw, 600px\" \/><\/span><style type=\"text\/css\">@media only screen and (max-width:800px) {.fusion-title.fusion-title-1{margin-top:10px!important;margin-bottom:10px!important;}}<\/style><div class=\"fusion-title title fusion-title-1 fusion-title-center fusion-title-text fusion-title-size-three\" style=\"margin-top:20px;margin-bottom:20px;\"><div class=\"title-sep-container title-sep-container-left\"><div class=\"title-sep sep-double sep-solid\" style=\"border-color:#e0dede;\"><\/div><\/div><h3 class=\"title-heading-center\" style=\"margin:0;color:#234b7a;\">Derni\u00e8res publications de l&rsquo;Institut<\/h3><div class=\"title-sep-container title-sep-container-right\"><div class=\"title-sep sep-double sep-solid\" style=\"border-color:#e0dede;\"><\/div><\/div><\/div><div class=\"fusion-recent-posts fusion-recent-posts-2 avada-container layout-default layout-columns-1\"><section class=\"fusion-columns columns fusion-columns-1 columns-1\"><article class=\"post fusion-column column col col-lg-12 col-md-12 col-sm-12\"><div class=\"recent-posts-content\"><span class=\"vcard\" style=\"display: none;\"><span class=\"fn\"><a href=\"https:\/\/institutvilley.com\/?author=1\" title=\"Articles par Institut Villey\" rel=\"author\">Institut Villey<\/a><\/span><\/span><span class=\"updated\" style=\"display:none;\">2026-04-01T13:58:34+00:00<\/span><h4 class=\"entry-title\"><a href=\"https:\/\/institutvilley.com\/?p=3875\">Derni\u00e8res publications de Droit &#038; Philosophie<\/a><\/h4><p class=\"meta\"><span class=\"vcard\" style=\"display: none;\"><span class=\"fn\"><a href=\"https:\/\/institutvilley.com\/?author=1\" title=\"Articles par Institut Villey\" rel=\"author\">Institut Villey<\/a><\/span><\/span><span class=\"updated\" style=\"display:none;\">2026-04-01T13:58:34+00:00<\/span><span>1 avril 2026<\/span><span class=\"fusion-inline-sep\">|<\/span><a href=\"https:\/\/institutvilley.com\/?cat=25\" rel=\"category\">Droit &amp; Philosophie<\/a>, <a href=\"https:\/\/institutvilley.com\/?cat=74\" rel=\"category\">Publications de l'Institut<\/a>, <a href=\"https:\/\/institutvilley.com\/?cat=1\" rel=\"category\">Uncategorized<\/a><span class=\"fusion-inline-sep\">|<\/span><\/p><p>Droit &amp; Philosophie 2026 : Henry Sumner Maine, aux sources du droit\u00a0 Ouverture Tristan Pouthier, Marc Go\u00ebtzmann:\u00a0Pr\u00e9sentation du bouquet Henry Sumner Maine I. Henry Sumner Maine 1. Relire Henry Sumner Maine aujourd'hui Marc Go\u00ebtzmann :\u00a0The [...]<\/p><\/div><\/article><article class=\"post fusion-column column col col-lg-12 col-md-12 col-sm-12\"><div class=\"recent-posts-content\"><span class=\"vcard\" style=\"display: none;\"><span class=\"fn\"><a href=\"https:\/\/institutvilley.com\/?author=1\" title=\"Articles par Institut Villey\" rel=\"author\">Institut Villey<\/a><\/span><\/span><span class=\"updated\" style=\"display:none;\">2026-04-01T13:52:42+00:00<\/span><h4 class=\"entry-title\"><a href=\"https:\/\/institutvilley.com\/?p=3868\">Derni\u00e8res publications de Jus Politicum &#8211; 2024\/2025<\/a><\/h4><p class=\"meta\"><span class=\"vcard\" style=\"display: none;\"><span class=\"fn\"><a href=\"https:\/\/institutvilley.com\/?author=1\" title=\"Articles par Institut Villey\" rel=\"author\">Institut Villey<\/a><\/span><\/span><span class=\"updated\" style=\"display:none;\">2026-04-01T13:52:42+00:00<\/span><span>1 avril 2026<\/span><span class=\"fusion-inline-sep\">|<\/span><a href=\"https:\/\/institutvilley.com\/?cat=24\" rel=\"category\">Jus Politicum<\/a>, <a href=\"https:\/\/institutvilley.com\/?cat=74\" rel=\"category\">Publications de l'Institut<\/a>, <a href=\"https:\/\/institutvilley.com\/?cat=1\" rel=\"category\">Uncategorized<\/a><span class=\"fusion-inline-sep\">|<\/span><\/p><p>- JP 32 (juillet 2024) -&gt; Le droit constitutionnel du Conseil d'Etat (Partie I) Entretien avec Jean-Marie Denquin Jean-Marie Denquin, Denis Baranger, Bruno Daugeron :\u00a0Entretien Actes du colloque organis\u00e9 le 8 d\u00e9cembre 2023 \u00e0 l'Univ. [...]<\/p><\/div><\/article><article class=\"post fusion-column column col col-lg-12 col-md-12 col-sm-12\"><div class=\"recent-posts-content\"><span class=\"vcard\" style=\"display: none;\"><span class=\"fn\"><a href=\"https:\/\/institutvilley.com\/?author=1\" title=\"Articles par Institut Villey\" rel=\"author\">Institut Villey<\/a><\/span><\/span><span class=\"updated\" style=\"display:none;\">2025-06-13T13:40:01+00:00<\/span><h4 class=\"entry-title\"><a href=\"https:\/\/institutvilley.com\/?p=3541\">Jus Politicum &#8211; Num\u00e9ro 31 \u00ab\u00a0Pouvoir juridictionnel\u00a0\u00bb<\/a><\/h4><p class=\"meta\"><span class=\"vcard\" style=\"display: none;\"><span class=\"fn\"><a href=\"https:\/\/institutvilley.com\/?author=1\" title=\"Articles par Institut Villey\" rel=\"author\">Institut Villey<\/a><\/span><\/span><span class=\"updated\" style=\"display:none;\">2025-06-13T13:40:01+00:00<\/span><span>5 mars 2024<\/span><span class=\"fusion-inline-sep\">|<\/span><a href=\"https:\/\/institutvilley.com\/?cat=24\" rel=\"category\">Jus Politicum<\/a>, <a href=\"https:\/\/institutvilley.com\/?cat=74\" rel=\"category\">Publications de l'Institut<\/a><span class=\"fusion-inline-sep\">|<\/span><\/p><p>Jus politicum - Num\u00e9ro 31 (mars 2024) \"Pouvoir juridictionnel\" Cliquez ici pour acc\u00e9der \u00e0 la version internet\u00a0\u2013\u00a0Cliquez ici pour t\u00e9l\u00e9charger le eBook (pdf) \u00a0 -&gt; Entretien avec Michel Troper. -&gt; Pouvoir juridictionnel Lord Jonathan Sumption:\u00a0Pouvoir [...]<\/p><\/div><\/article><\/section><\/div><div class=\"fusion-clearfix\"><\/div><\/div><\/div><div  class=\"fusion-layout-column fusion_builder_column fusion_builder_column_1_2 fusion-builder-column-3 fusion-one-half fusion-column-last 1_2\"  style='margin-top:0px;margin-bottom:20px;width:48%'><div class=\"fusion-column-wrapper\" style=\"padding: 0px 0px 0px 0px;background-position:left top;background-repeat:no-repeat;-webkit-background-size:cover;-moz-background-size:cover;-o-background-size:cover;background-size:cover;\"   data-bg-url=\"\"><span style=\"-webkit-border-radius:5px;-moz-border-radius:5px;border-radius:5px;\" class=\"fusion-imageframe imageframe-none imageframe-4 hover-type-none\"><img loading=\"lazy\" decoding=\"async\" src=\"http:\/\/institutvilley.com\/wp-content\/uploads\/2019\/02\/ban-publications-imv4.jpg\" width=\"600\" height=\"83\" alt=\"\" title=\"ban-publications-imv4\" class=\"img-responsive wp-image-429\" srcset=\"https:\/\/institutvilley.com\/wp-content\/uploads\/2019\/02\/ban-publications-imv4-200x28.jpg 200w, https:\/\/institutvilley.com\/wp-content\/uploads\/2019\/02\/ban-publications-imv4-400x55.jpg 400w, https:\/\/institutvilley.com\/wp-content\/uploads\/2019\/02\/ban-publications-imv4.jpg 600w\" sizes=\"(max-width: 800px) 100vw, 600px\" \/><\/span><style type=\"text\/css\">@media only screen and (max-width:800px) {.fusion-title.fusion-title-2{margin-top:10px!important;margin-bottom:10px!important;}}<\/style><div class=\"fusion-title title fusion-title-2 fusion-title-center fusion-title-text fusion-title-size-three\" style=\"margin-top:20px;margin-bottom:20px;\"><div class=\"title-sep-container title-sep-container-left\"><div class=\"title-sep sep-double sep-solid\" style=\"border-color:#e0dede;\"><\/div><\/div><h3 class=\"title-heading-center\" style=\"margin:0;color:#234b7a;\">Derni\u00e8res publications des membres<\/h3><div class=\"title-sep-container title-sep-container-right\"><div class=\"title-sep sep-double sep-solid\" style=\"border-color:#e0dede;\"><\/div><\/div><\/div><div class=\"fusion-recent-posts fusion-recent-posts-3 avada-container layout-default layout-columns-1\"><section class=\"fusion-columns columns fusion-columns-1 columns-1\"><article class=\"post fusion-column column col col-lg-12 col-md-12 col-sm-12\"><div class=\"recent-posts-content\"><span class=\"vcard\" style=\"display: none;\"><span class=\"fn\"><a href=\"https:\/\/institutvilley.com\/?author=1\" title=\"Articles par Institut Villey\" rel=\"author\">Institut Villey<\/a><\/span><\/span><span class=\"updated\" style=\"display:none;\">2026-04-07T09:31:45+00:00<\/span><h4 class=\"entry-title\"><a href=\"https:\/\/institutvilley.com\/?p=3899\">Olivier Beaud &#8211; Les libert\u00e9s universitaires \u00e0 l&rsquo;abandon? (2e \u00e9d.), 2026<\/a><\/h4><p class=\"meta\"><span class=\"vcard\" style=\"display: none;\"><span class=\"fn\"><a href=\"https:\/\/institutvilley.com\/?author=1\" title=\"Articles par Institut Villey\" rel=\"author\">Institut Villey<\/a><\/span><\/span><span class=\"updated\" style=\"display:none;\">2026-04-07T09:31:45+00:00<\/span><span>7 avril 2026<\/span><span class=\"fusion-inline-sep\">|<\/span><a href=\"https:\/\/institutvilley.com\/?cat=26\" rel=\"category\">Publication membre<\/a><span class=\"fusion-inline-sep\">|<\/span><\/p><p>\u00a0 -&gt; Lien vers le site de l'\u00e9diteur Publi\u00e9 en 2010, cet ouvrage sur les libert\u00e9s universitaires m\u00e9ritait une r\u00e9\u00e9dition en raison de l'actualit\u00e9 devenue br\u00fblante de la libert\u00e9 acad\u00e9mique tant il ne se passe [...]<\/p><\/div><\/article><article class=\"post fusion-column column col col-lg-12 col-md-12 col-sm-12\"><div class=\"recent-posts-content\"><span class=\"vcard\" style=\"display: none;\"><span class=\"fn\"><a href=\"https:\/\/institutvilley.com\/?author=1\" title=\"Articles par Institut Villey\" rel=\"author\">Institut Villey<\/a><\/span><\/span><span class=\"updated\" style=\"display:none;\">2026-04-01T13:01:05+00:00<\/span><h4 class=\"entry-title\"><a href=\"https:\/\/institutvilley.com\/?p=3864\">Denis Baranger &#8211; La Constitution. Sources, interpr\u00e9tations, raisonnements (2e \u00e9d., 2026)<\/a><\/h4><p class=\"meta\"><span class=\"vcard\" style=\"display: none;\"><span class=\"fn\"><a href=\"https:\/\/institutvilley.com\/?author=1\" title=\"Articles par Institut Villey\" rel=\"author\">Institut Villey<\/a><\/span><\/span><span class=\"updated\" style=\"display:none;\">2026-04-01T13:01:05+00:00<\/span><span>1 avril 2026<\/span><span class=\"fusion-inline-sep\">|<\/span><a href=\"https:\/\/institutvilley.com\/?cat=26\" rel=\"category\">Publication membre<\/a><span class=\"fusion-inline-sep\">|<\/span><\/p><p>\u00a0 -&gt; Lien vers le site de l'\u00e9diteur Cet ouvrage est consacr\u00e9 au traitement de la source constitutionnelle par le droit constitutionnel positif. Centr\u00e9 sur la constitution \u00e9crite, le livre examine les grandes \u00e9volutions du [...]<\/p><\/div><\/article><article class=\"post fusion-column column col col-lg-12 col-md-12 col-sm-12\"><div class=\"recent-posts-content\"><span class=\"vcard\" style=\"display: none;\"><span class=\"fn\"><a href=\"https:\/\/institutvilley.com\/?author=1\" title=\"Articles par Institut Villey\" rel=\"author\">Institut Villey<\/a><\/span><\/span><span class=\"updated\" style=\"display:none;\">2026-04-01T12:53:25+00:00<\/span><h4 class=\"entry-title\"><a href=\"https:\/\/institutvilley.com\/?p=3862\">Denis Baranger &#038; Olivier Beaud &#8211; La dissolution de la Ve R\u00e9publique (\u00e9d. Les petits matins, 2025)<\/a><\/h4><p class=\"meta\"><span class=\"vcard\" style=\"display: none;\"><span class=\"fn\"><a href=\"https:\/\/institutvilley.com\/?author=1\" title=\"Articles par Institut Villey\" rel=\"author\">Institut Villey<\/a><\/span><\/span><span class=\"updated\" style=\"display:none;\">2026-04-01T12:53:25+00:00<\/span><span>1 avril 2026<\/span><span class=\"fusion-inline-sep\">|<\/span><a href=\"https:\/\/institutvilley.com\/?cat=26\" rel=\"category\">Publication membre<\/a><span class=\"fusion-inline-sep\">|<\/span><\/p><p>\u00a0 -&gt; Lien vers le site de l'\u00e9diteur Une analyse \u00e9clairante sur les racines de la crise de r\u00e9gime fran\u00e7aise actuelle, par deux sp\u00e9cialistes du droit constitutionnel. La dissolution de l'Assembl\u00e9e nationale, d\u00e9cid\u00e9e dans la [...]<\/p><\/div><\/article><\/section><\/div><div class=\"fusion-clearfix\"><\/div><\/div><\/div><\/div><\/div>\n","protected":false},"excerpt":{"rendered":"","protected":false},"author":1,"featured_media":0,"parent":0,"menu_order":0,"comment_status":"closed","ping_status":"closed","template":"","meta":{"footnotes":""},"_links":{"self":[{"href":"https:\/\/institutvilley.com\/index.php?rest_route=\/wp\/v2\/pages\/175"}],"collection":[{"href":"https:\/\/institutvilley.com\/index.php?rest_route=\/wp\/v2\/pages"}],"about":[{"href":"https:\/\/institutvilley.com\/index.php?rest_route=\/wp\/v2\/types\/page"}],"author":[{"embeddable":true,"href":"https:\/\/institutvilley.com\/index.php?rest_route=\/wp\/v2\/users\/1"}],"replies":[{"embeddable":true,"href":"https:\/\/institutvilley.com\/index.php?rest_route=%2Fwp%2Fv2%2Fcomments&post=175"}],"version-history":[{"count":91,"href":"https:\/\/institutvilley.com\/index.php?rest_route=\/wp\/v2\/pages\/175\/revisions"}],"predecessor-version":[{"id":3847,"href":"https:\/\/institutvilley.com\/index.php?rest_route=\/wp\/v2\/pages\/175\/revisions\/3847"}],"wp:attachment":[{"href":"https:\/\/institutvilley.com\/index.php?rest_route=%2Fwp%2Fv2%2Fmedia&parent=175"}],"curies":[{"name":"wp","href":"https:\/\/api.w.org\/{rel}","templated":true}]}}