{"id":1689,"date":"2019-10-31T14:31:05","date_gmt":"2019-10-31T14:31:05","guid":{"rendered":"http:\/\/institutvilley.com\/?page_id=1689"},"modified":"2026-03-17T15:18:41","modified_gmt":"2026-03-17T15:18:41","slug":"annonces","status":"publish","type":"page","link":"https:\/\/institutvilley.com\/?page_id=1689","title":{"rendered":"Communiqu\u00e9s"},"content":{"rendered":"<div class=\"fusion-fullwidth fullwidth-box fusion-builder-row-1 nonhundred-percent-fullwidth non-hundred-percent-height-scrolling\"  style='background-color: rgba(255,255,255,0);background-position: center center;background-repeat: no-repeat;padding-top:0px;padding-right:0px;padding-bottom:0px;padding-left:0px;'><div class=\"fusion-builder-row fusion-row \"><div  class=\"fusion-layout-column fusion_builder_column fusion_builder_column_1_5 fusion-builder-column-0 fusion-one-fifth fusion-column-first 1_5\"  style='margin-top:0px;margin-bottom:20px;width:20%;width:calc(20% - ( ( 4% ) * 0.2 ) );margin-right: 4%;'><div class=\"fusion-column-wrapper\" style=\"background-color:#d8e2eb;padding: 0px 10px 0px 10px;background-position:left top;background-repeat:no-repeat;-webkit-background-size:cover;-moz-background-size:cover;-o-background-size:cover;background-size:cover;\"   data-bg-url=\"\"><div class=\"fusion-image-carousel fusion-image-carousel-auto lightbox-enabled fusion-carousel-border\"><div class=\"fusion-carousel\" data-autoplay=\"yes\" data-columns=\"1\" data-itemmargin=\"13\" data-itemwidth=\"180\" data-touchscroll=\"no\" data-imagesize=\"auto\"><div class=\"fusion-carousel-positioner\"><ul class=\"fusion-carousel-holder\"><li class=\"fusion-carousel-item\"><div class=\"fusion-carousel-item-wrapper\"><div class=\"fusion-image-wrapper hover-type-none\"><a data-rel=\"iLightbox[image_carousel_1]\" data-title=\"Logo IMV (GRAND)\" aria-label=\"Logo IMV (GRAND)\" href=\"http:\/\/institutvilley.com\/wp-content\/uploads\/2019\/02\/Logo-imv-grand.jpg\" target=\"_self\"><img loading=\"lazy\" decoding=\"async\" width=\"250\" height=\"250\" src=\"https:\/\/institutvilley.com\/wp-content\/uploads\/2019\/02\/Logo-imv-grand.jpg\" class=\"attachment-full size-full\" alt=\"\" srcset=\"https:\/\/institutvilley.com\/wp-content\/uploads\/2019\/02\/Logo-imv-grand-66x66.jpg 66w, https:\/\/institutvilley.com\/wp-content\/uploads\/2019\/02\/Logo-imv-grand-150x150.jpg 150w, https:\/\/institutvilley.com\/wp-content\/uploads\/2019\/02\/Logo-imv-grand-200x200.jpg 200w, https:\/\/institutvilley.com\/wp-content\/uploads\/2019\/02\/Logo-imv-grand.jpg 250w\" sizes=\"(max-width: 250px) 100vw, 250px\" \/><\/a><\/div><\/div><\/li><li class=\"fusion-carousel-item\"><div class=\"fusion-carousel-item-wrapper\"><div class=\"fusion-image-wrapper hover-type-none\"><a data-rel=\"iLightbox[image_carousel_1]\" data-title=\"Vue de la place du Panth\u00e9on depuis l&rsquo;Institut Villey\" aria-label=\"Vue de la place du Panth\u00e9on depuis l&rsquo;Institut Villey\" href=\"http:\/\/institutvilley.com\/wp-content\/uploads\/2019\/02\/IMG_20190221_171201_175.jpg\" target=\"_self\"><img loading=\"lazy\" decoding=\"async\" width=\"2250\" height=\"2250\" src=\"https:\/\/institutvilley.com\/wp-content\/uploads\/2019\/02\/IMG_20190221_171201_175.jpg\" class=\"attachment-full size-full\" alt=\"\" srcset=\"https:\/\/institutvilley.com\/wp-content\/uploads\/2019\/02\/IMG_20190221_171201_175-66x66.jpg 66w, https:\/\/institutvilley.com\/wp-content\/uploads\/2019\/02\/IMG_20190221_171201_175-150x150.jpg 150w, https:\/\/institutvilley.com\/wp-content\/uploads\/2019\/02\/IMG_20190221_171201_175-200x200.jpg 200w, https:\/\/institutvilley.com\/wp-content\/uploads\/2019\/02\/IMG_20190221_171201_175-300x300.jpg 300w, https:\/\/institutvilley.com\/wp-content\/uploads\/2019\/02\/IMG_20190221_171201_175-400x400.jpg 400w, https:\/\/institutvilley.com\/wp-content\/uploads\/2019\/02\/IMG_20190221_171201_175-600x600.jpg 600w, https:\/\/institutvilley.com\/wp-content\/uploads\/2019\/02\/IMG_20190221_171201_175-768x768.jpg 768w, https:\/\/institutvilley.com\/wp-content\/uploads\/2019\/02\/IMG_20190221_171201_175-800x800.jpg 800w, https:\/\/institutvilley.com\/wp-content\/uploads\/2019\/02\/IMG_20190221_171201_175-1024x1024.jpg 1024w, https:\/\/institutvilley.com\/wp-content\/uploads\/2019\/02\/IMG_20190221_171201_175-1200x1200.jpg 1200w, https:\/\/institutvilley.com\/wp-content\/uploads\/2019\/02\/IMG_20190221_171201_175.jpg 2250w\" sizes=\"(max-width: 2250px) 100vw, 2250px\" \/><\/a><\/div><\/div><\/li><li class=\"fusion-carousel-item\"><div class=\"fusion-carousel-item-wrapper\"><div class=\"fusion-image-wrapper hover-type-none\"><a data-rel=\"iLightbox[image_carousel_1]\" data-title=\"Salle de travail de l&rsquo;Institut Villey\" aria-label=\"Salle de travail de l&rsquo;Institut Villey\" href=\"http:\/\/institutvilley.com\/wp-content\/uploads\/2019\/02\/IMG_20190221_171549_445.jpg\" target=\"_self\"><img loading=\"lazy\" decoding=\"async\" width=\"2250\" height=\"2250\" src=\"https:\/\/institutvilley.com\/wp-content\/uploads\/2019\/02\/IMG_20190221_171549_445.jpg\" class=\"attachment-full size-full\" alt=\"\" srcset=\"https:\/\/institutvilley.com\/wp-content\/uploads\/2019\/02\/IMG_20190221_171549_445-66x66.jpg 66w, https:\/\/institutvilley.com\/wp-content\/uploads\/2019\/02\/IMG_20190221_171549_445-150x150.jpg 150w, https:\/\/institutvilley.com\/wp-content\/uploads\/2019\/02\/IMG_20190221_171549_445-200x200.jpg 200w, https:\/\/institutvilley.com\/wp-content\/uploads\/2019\/02\/IMG_20190221_171549_445-300x300.jpg 300w, https:\/\/institutvilley.com\/wp-content\/uploads\/2019\/02\/IMG_20190221_171549_445-400x400.jpg 400w, https:\/\/institutvilley.com\/wp-content\/uploads\/2019\/02\/IMG_20190221_171549_445-600x600.jpg 600w, https:\/\/institutvilley.com\/wp-content\/uploads\/2019\/02\/IMG_20190221_171549_445-768x768.jpg 768w, https:\/\/institutvilley.com\/wp-content\/uploads\/2019\/02\/IMG_20190221_171549_445-800x800.jpg 800w, https:\/\/institutvilley.com\/wp-content\/uploads\/2019\/02\/IMG_20190221_171549_445-1024x1024.jpg 1024w, https:\/\/institutvilley.com\/wp-content\/uploads\/2019\/02\/IMG_20190221_171549_445-1200x1200.jpg 1200w, https:\/\/institutvilley.com\/wp-content\/uploads\/2019\/02\/IMG_20190221_171549_445.jpg 2250w\" sizes=\"(max-width: 2250px) 100vw, 2250px\" \/><\/a><\/div><\/div><\/li><li class=\"fusion-carousel-item\"><div class=\"fusion-carousel-item-wrapper\"><div class=\"fusion-image-wrapper hover-type-none\"><a data-rel=\"iLightbox[image_carousel_1]\" data-title=\"Quelques uns des ouvrages de la biblioth\u00e8que\" aria-label=\"Quelques uns des ouvrages de la biblioth\u00e8que\" href=\"http:\/\/institutvilley.com\/wp-content\/uploads\/2019\/02\/IMG_20190221_171413_084.jpg\" target=\"_self\"><img loading=\"lazy\" decoding=\"async\" width=\"2250\" height=\"2250\" src=\"https:\/\/institutvilley.com\/wp-content\/uploads\/2019\/02\/IMG_20190221_171413_084.jpg\" class=\"attachment-full size-full\" alt=\"\" srcset=\"https:\/\/institutvilley.com\/wp-content\/uploads\/2019\/02\/IMG_20190221_171413_084-66x66.jpg 66w, https:\/\/institutvilley.com\/wp-content\/uploads\/2019\/02\/IMG_20190221_171413_084-150x150.jpg 150w, https:\/\/institutvilley.com\/wp-content\/uploads\/2019\/02\/IMG_20190221_171413_084-200x200.jpg 200w, https:\/\/institutvilley.com\/wp-content\/uploads\/2019\/02\/IMG_20190221_171413_084-300x300.jpg 300w, https:\/\/institutvilley.com\/wp-content\/uploads\/2019\/02\/IMG_20190221_171413_084-400x400.jpg 400w, https:\/\/institutvilley.com\/wp-content\/uploads\/2019\/02\/IMG_20190221_171413_084-600x600.jpg 600w, https:\/\/institutvilley.com\/wp-content\/uploads\/2019\/02\/IMG_20190221_171413_084-768x768.jpg 768w, https:\/\/institutvilley.com\/wp-content\/uploads\/2019\/02\/IMG_20190221_171413_084-800x800.jpg 800w, https:\/\/institutvilley.com\/wp-content\/uploads\/2019\/02\/IMG_20190221_171413_084-1024x1024.jpg 1024w, https:\/\/institutvilley.com\/wp-content\/uploads\/2019\/02\/IMG_20190221_171413_084-1200x1200.jpg 1200w, https:\/\/institutvilley.com\/wp-content\/uploads\/2019\/02\/IMG_20190221_171413_084.jpg 2250w\" sizes=\"(max-width: 2250px) 100vw, 2250px\" \/><\/a><\/div><\/div><\/li><li class=\"fusion-carousel-item\"><div class=\"fusion-carousel-item-wrapper\"><div class=\"fusion-image-wrapper hover-type-none\"><a data-rel=\"iLightbox[image_carousel_1]\" data-title=\"Quelques unes des revues de la biblioth\u00e8que\" aria-label=\"Quelques unes des revues de la biblioth\u00e8que\" href=\"http:\/\/institutvilley.com\/wp-content\/uploads\/2019\/02\/IMG_20190221_171316_450.jpg\" target=\"_self\"><img loading=\"lazy\" decoding=\"async\" width=\"1814\" height=\"1814\" src=\"https:\/\/institutvilley.com\/wp-content\/uploads\/2019\/02\/IMG_20190221_171316_450.jpg\" class=\"attachment-full size-full\" alt=\"\" srcset=\"https:\/\/institutvilley.com\/wp-content\/uploads\/2019\/02\/IMG_20190221_171316_450-66x66.jpg 66w, https:\/\/institutvilley.com\/wp-content\/uploads\/2019\/02\/IMG_20190221_171316_450-150x150.jpg 150w, https:\/\/institutvilley.com\/wp-content\/uploads\/2019\/02\/IMG_20190221_171316_450-200x200.jpg 200w, https:\/\/institutvilley.com\/wp-content\/uploads\/2019\/02\/IMG_20190221_171316_450-300x300.jpg 300w, https:\/\/institutvilley.com\/wp-content\/uploads\/2019\/02\/IMG_20190221_171316_450-400x400.jpg 400w, https:\/\/institutvilley.com\/wp-content\/uploads\/2019\/02\/IMG_20190221_171316_450-600x600.jpg 600w, https:\/\/institutvilley.com\/wp-content\/uploads\/2019\/02\/IMG_20190221_171316_450-768x768.jpg 768w, https:\/\/institutvilley.com\/wp-content\/uploads\/2019\/02\/IMG_20190221_171316_450-800x800.jpg 800w, https:\/\/institutvilley.com\/wp-content\/uploads\/2019\/02\/IMG_20190221_171316_450-1024x1024.jpg 1024w, https:\/\/institutvilley.com\/wp-content\/uploads\/2019\/02\/IMG_20190221_171316_450-1200x1200.jpg 1200w, https:\/\/institutvilley.com\/wp-content\/uploads\/2019\/02\/IMG_20190221_171316_450.jpg 1814w\" sizes=\"(max-width: 1814px) 100vw, 1814px\" \/><\/a><\/div><\/div><\/li><li class=\"fusion-carousel-item\"><div class=\"fusion-carousel-item-wrapper\"><div class=\"fusion-image-wrapper hover-type-none\"><a data-rel=\"iLightbox[image_carousel_1]\" data-title=\"L&rsquo;Institut Villey au 1 rue d&rsquo;Ulm\" aria-label=\"L&rsquo;Institut Villey au 1 rue d&rsquo;Ulm\" href=\"http:\/\/institutvilley.com\/wp-content\/uploads\/2019\/02\/IMG_20190221_171104_993.jpg\" target=\"_self\"><img loading=\"lazy\" decoding=\"async\" width=\"2250\" height=\"2250\" src=\"https:\/\/institutvilley.com\/wp-content\/uploads\/2019\/02\/IMG_20190221_171104_993.jpg\" class=\"attachment-full size-full\" alt=\"\" srcset=\"https:\/\/institutvilley.com\/wp-content\/uploads\/2019\/02\/IMG_20190221_171104_993-66x66.jpg 66w, https:\/\/institutvilley.com\/wp-content\/uploads\/2019\/02\/IMG_20190221_171104_993-150x150.jpg 150w, https:\/\/institutvilley.com\/wp-content\/uploads\/2019\/02\/IMG_20190221_171104_993-200x200.jpg 200w, https:\/\/institutvilley.com\/wp-content\/uploads\/2019\/02\/IMG_20190221_171104_993-300x300.jpg 300w, https:\/\/institutvilley.com\/wp-content\/uploads\/2019\/02\/IMG_20190221_171104_993-400x400.jpg 400w, https:\/\/institutvilley.com\/wp-content\/uploads\/2019\/02\/IMG_20190221_171104_993-600x600.jpg 600w, https:\/\/institutvilley.com\/wp-content\/uploads\/2019\/02\/IMG_20190221_171104_993-768x768.jpg 768w, https:\/\/institutvilley.com\/wp-content\/uploads\/2019\/02\/IMG_20190221_171104_993-800x800.jpg 800w, https:\/\/institutvilley.com\/wp-content\/uploads\/2019\/02\/IMG_20190221_171104_993-1024x1024.jpg 1024w, https:\/\/institutvilley.com\/wp-content\/uploads\/2019\/02\/IMG_20190221_171104_993-1200x1200.jpg 1200w, https:\/\/institutvilley.com\/wp-content\/uploads\/2019\/02\/IMG_20190221_171104_993.jpg 2250w\" sizes=\"(max-width: 2250px) 100vw, 2250px\" \/><\/a><\/div><\/div><\/li><\/ul><\/div><\/div><\/div><style type=\"text\/css\">@media only screen and (max-width:800px) {.fusion-title.fusion-title-1{margin-top:10px!important;margin-bottom:10px!important;}}<\/style><div class=\"fusion-title title fusion-title-1 fusion-sep-none fusion-title-text fusion-title-size-two\" style=\"font-size:15px;margin-top:20px;margin-bottom:10px;\"><h2 class=\"title-heading-left\" style=\"margin:0;font-size:1em;\">Contact<\/h2><\/div><style type=\"text\/css\">@media only screen and (max-width:800px) {.fusion-title.fusion-title-2{margin-top:10px!important;margin-bottom:10px!important;}}<\/style><div class=\"fusion-title title fusion-title-2 fusion-sep-none fusion-title-text fusion-title-size-one\" style=\"margin-top:0px;margin-bottom:31px;\"><h1 class=\"title-heading-left\" style=\"margin:0;\"><h4>Institut Michel Villey<\/h4>\n<p>Universit\u00e9 de Paris-Panth\u00e9on-Assas<br \/>\n12 rue de Santeuil<br \/>\n75 005 Paris<\/p>\n<h4>Secr\u00e9tariat :<\/h4>\n<p>inst.mvilley@u-paris2.fr<\/p>\n<h4>Horaires du secr\u00e9tariat\u00a0:<\/h4>\n<p>Lundi &#8211; vendredi\u00a0: 9h30-17h30<\/p><\/h1><\/div><div class=\"fusion-text\"><p><a class=\"twitter-follow-button\" href=\"https:\/\/twitter.com\/InstitutVilley?ref_src=twsrc%5Etfw\" data-show-screen-name=\"false\" data-lang=\"fr\" data-dnt=\"true\" data-show-count=\"false\">Follow @InstitutVilley<\/a><script async src=\"https:\/\/platform.twitter.com\/widgets.js\" charset=\"utf-8\"><\/script><\/p>\n<\/div><div class=\"fusion-content-boxes content-boxes columns row fusion-columns-1 fusion-columns-total-1 fusion-content-boxes-1 content-boxes-icon-with-title content-left\" data-animationOffset=\"100%\" style=\"margin-top:20px;margin-bottom:10px;\"><style type=\"text\/css\">.fusion-content-boxes-1 .heading .content-box-heading {color:#333333;}\n\t\t\t\t\t.fusion-content-boxes-1 .fusion-content-box-hover .link-area-link-icon-hover .heading .content-box-heading,\n\t\t\t\t\t.fusion-content-boxes-1 .fusion-content-box-hover .link-area-link-icon-hover .heading .heading-link .content-box-heading,\n\t\t\t\t\t.fusion-content-boxes-1 .fusion-content-box-hover .link-area-box-hover .heading .content-box-heading,\n\t\t\t\t\t.fusion-content-boxes-1 .fusion-content-box-hover .link-area-box-hover .heading .heading-link .content-box-heading,\n\t\t\t\t\t.fusion-content-boxes-1 .fusion-content-box-hover .link-area-link-icon-hover.link-area-box .fusion-read-more,\n\t\t\t\t\t.fusion-content-boxes-1 .fusion-content-box-hover .link-area-link-icon-hover.link-area-box .fusion-read-more::after,\n\t\t\t\t\t.fusion-content-boxes-1 .fusion-content-box-hover .link-area-link-icon-hover.link-area-box .fusion-read-more::before,\n\t\t\t\t\t.fusion-content-boxes-1 .fusion-content-box-hover .fusion-read-more:hover:after,\n\t\t\t\t\t.fusion-content-boxes-1 .fusion-content-box-hover .fusion-read-more:hover:before,\n\t\t\t\t\t.fusion-content-boxes-1 .fusion-content-box-hover .fusion-read-more:hover,\n\t\t\t\t\t.fusion-content-boxes-1 .fusion-content-box-hover .link-area-box-hover.link-area-box .fusion-read-more,\n\t\t\t\t\t.fusion-content-boxes-1 .fusion-content-box-hover .link-area-box-hover.link-area-box .fusion-read-more::after,\n\t\t\t\t\t.fusion-content-boxes-1 .fusion-content-box-hover .link-area-box-hover.link-area-box .fusion-read-more::before,\n\t\t\t\t\t.fusion-content-boxes-1 .fusion-content-box-hover .link-area-link-icon-hover .icon .circle-no,\n\t\t\t\t\t.fusion-content-boxes-1 .heading .heading-link:hover .content-box-heading {\n\t\t\t\t\t\tcolor: #000000;\n\t\t\t\t\t}\n\t\t\t\t\t.fusion-content-boxes-1 .fusion-content-box-hover .link-area-box-hover .icon .circle-no {\n\t\t\t\t\t\tcolor: #000000 !important;\n\t\t\t\t\t}.fusion-content-boxes-1 .fusion-content-box-hover .link-area-box.link-area-box-hover .fusion-content-box-button {background: #96c346;color: #ffffff;}.fusion-content-boxes-1 .fusion-content-box-hover .link-area-box.link-area-box-hover .fusion-content-box-button .fusion-button-text {color: #ffffff;}\n\t\t\t\t\t.fusion-content-boxes-1 .fusion-content-box-hover .link-area-link-icon-hover .heading .icon > span {\n\t\t\t\t\t\tbackground-color: #000000 !important;\n\t\t\t\t\t}\n\t\t\t\t\t.fusion-content-boxes-1 .fusion-content-box-hover .link-area-box-hover .heading .icon > span {\n\t\t\t\t\t\tborder-color: #000000 !important;\n\t\t\t\t\t}<\/style><div class=\"fusion-column content-box-column content-box-column content-box-column-1 col-lg-12 col-md-12 col-sm-12 fusion-content-box-hover content-box-column-last content-box-column-last-in-row\"><div class=\"col content-box-wrapper content-wrapper link-area-link-icon icon-hover-animation-fade\" style=\"background-color:rgba(255,255,255,0);\" data-animationOffset=\"100%\"><div class=\"heading icon-left\"><h2 class=\"content-box-heading\" style=\"font-size:13px;line-height:18px;\">Annonces<\/h2><\/div><div class=\"fusion-clearfix\"><\/div><div class=\"content-container\" style=\"color:#333333;\">\n<ul>\n<li><a href=\"http:\/\/institutvilley.com\/?cat=64\">Communiqu\u00e9s<\/a><\/li>\n<li><a href=\"http:\/\/institutvilley.com\/?cat=54\">Prix<\/a><\/li>\n<li><a href=\"http:\/\/institutvilley.com\/?cat=23\">Offres d&#8217;emploi<\/a><\/li>\n<\/ul>\n<\/div><\/div><\/div><style type=\"text\/css\">\n\t\t\t\t\t\t.fusion-content-boxes-1 .fusion-content-box-hover .heading-link:hover .icon i.circle-yes,\n\t\t\t\t\t\t.fusion-content-boxes-1 .fusion-content-box-hover .link-area-box:hover .heading-link .icon i.circle-yes,\n\t\t\t\t\t\t.fusion-content-boxes-1 .fusion-content-box-hover .link-area-link-icon-hover .heading .icon i.circle-yes,\n\t\t\t\t\t\t.fusion-content-boxes-1 .fusion-content-box-hover .link-area-box-hover .heading .icon i.circle-yes {\n\t\t\t\t\t\t\tbackground-color: #000000 !important;\n\t\t\t\t\t\t\tborder-color: #000000 !important;\n\t\t\t\t\t\t}<\/style><div class=\"fusion-clearfix\"><\/div><\/div><div class=\"fusion-clearfix\"><\/div><\/div><\/div><div  class=\"fusion-layout-column fusion_builder_column fusion_builder_column_3_4 fusion-builder-column-1 fusion-three-fourth fusion-column-last 3_4\"  style='margin-top:0px;margin-bottom:20px;width:75%;width:calc(75% - ( ( 4% ) * 0.75 ) );'><div class=\"fusion-column-wrapper\" style=\"padding: 0px 0px 0px 0px;background-position:left top;background-repeat:no-repeat;-webkit-background-size:cover;-moz-background-size:cover;-o-background-size:cover;background-size:cover;\"   data-bg-url=\"\"><style type=\"text\/css\">@media only screen and (max-width:800px) {.fusion-title.fusion-title-3{margin-top:10px!important;margin-bottom:10px!important;}}<\/style><div class=\"fusion-title title fusion-title-3 fusion-sep-none fusion-title-text fusion-title-size-one\" style=\"margin-top:0px;margin-bottom:31px;\"><h1 class=\"title-heading-left\" style=\"margin:0;\">Communiqu\u00e9s, annonces de prix et d&#8217;emplois<\/h1><\/div><div class=\"fusion-text\"><p>Retrouvez l&rsquo;ensemble des communiqu\u00e9s, annonces de prix et d&#8217;emplois diffus\u00e9s par l&rsquo;Institut.<\/p>\n<p><strong>Le comit\u00e9 d\u2019histoire du Conseil d\u2019\u00c9tat a attribu\u00e9 son prix 2026 \u00e0 Laure Weymuller\u00a0<\/strong><\/p>\n<p>17 mars 2025 \/ Prix<\/p>\n<p>Le Comit\u00e9 d\u2019histoire du Conseil d\u2019Etat et de la juridiction administrative a d\u00e9cern\u00e9 son prix de th\u00e8se pour 2026 \u00e0 Mme Laure Weymuller, docteur de l\u2019Institut Michel Villey et du CRDA pour sa th\u00e8se : \u00a0<em>L&rsquo;ouverture du contr\u00f4le juridictionnel des actes administratifs <\/em>: <em>\u00e9tude compar\u00e9e France XIXe s., Angleterre fin du XVIIe &#8211; milieu du XXe s.<\/em>, th\u00e8se soutenue en 2025 \u00e0 Universit\u00e9 Paris Panth\u00e9on Assas (co-dirig\u00e9e par Beno\u00eet Plessix et Denis Baranger)\u00a0\u00bb.<\/p>\n<\/div><div class=\"fusion-recent-posts fusion-recent-posts-1 avada-container layout-default layout-columns-1 fusion-recent-posts-infinite\" data-pages=\"1\"><section class=\"fusion-columns columns fusion-columns-1 columns-1\"><article class=\"post fusion-column column col col-lg-12 col-md-12 col-sm-12\"><div class=\"recent-posts-content\"><span class=\"vcard\" style=\"display: none;\"><span class=\"fn\"><a href=\"https:\/\/institutvilley.com\/?author=1\" title=\"Articles par Institut Villey\" rel=\"author\">Institut Villey<\/a><\/span><\/span><span class=\"updated\" style=\"display:none;\">2026-04-13T14:49:25+00:00<\/span><h4 class=\"entry-title\"><a href=\"https:\/\/institutvilley.com\/?p=3908\">Prix des d\u00e9put\u00e9s 2026 &#8211; Denis Baranger et Olivier Beaud<\/a><\/h4><p class=\"meta\"><span class=\"vcard\" style=\"display: none;\"><span class=\"fn\"><a href=\"https:\/\/institutvilley.com\/?author=1\" title=\"Articles par Institut Villey\" rel=\"author\">Institut Villey<\/a><\/span><\/span><span class=\"updated\" style=\"display:none;\">2026-04-13T14:49:25+00:00<\/span><span>13 avril 2026<\/span><span class=\"fusion-inline-sep\">|<\/span><a href=\"https:\/\/institutvilley.com\/?cat=54\" rel=\"category\">Prix<\/a><span class=\"fusion-inline-sep\">|<\/span><\/p><p>L'Institut Villey a le plaisir d'annoncer que les professeurs Baranger et Beaud ont re\u00e7u le prix des d\u00e9put\u00e9s 2026 pour leur ouvrage La dissolution de la Ve R\u00e9publique (lien vers le site de l'\u00e9diteur).<\/p><\/div><\/article><article class=\"post fusion-column column col col-lg-12 col-md-12 col-sm-12\"><div class=\"recent-posts-content\"><span class=\"vcard\" style=\"display: none;\"><span class=\"fn\"><a href=\"https:\/\/institutvilley.com\/?author=1\" title=\"Articles par Institut Villey\" rel=\"author\">Institut Villey<\/a><\/span><\/span><span class=\"updated\" style=\"display:none;\">2026-03-25T14:49:08+00:00<\/span><h4 class=\"entry-title\"><a href=\"https:\/\/institutvilley.com\/?p=3826\">CNU 2026 &#8211; R\u00e9sultats des qualifications<\/a><\/h4><p class=\"meta\"><span class=\"vcard\" style=\"display: none;\"><span class=\"fn\"><a href=\"https:\/\/institutvilley.com\/?author=1\" title=\"Articles par Institut Villey\" rel=\"author\">Institut Villey<\/a><\/span><\/span><span class=\"updated\" style=\"display:none;\">2026-03-25T14:49:08+00:00<\/span><span>25 mars 2026<\/span><span class=\"fusion-inline-sep\">|<\/span><a href=\"https:\/\/institutvilley.com\/?cat=54\" rel=\"category\">Prix<\/a>, <a href=\"https:\/\/institutvilley.com\/?cat=1\" rel=\"category\">Uncategorized<\/a><span class=\"fusion-inline-sep\">|<\/span><\/p><p>l'Institut Villey a le plaisir d'annoncer la qualification (section 02) de 5 de ses docteurs ayant soutenu leur th\u00e8se en 2025 : AL-NASR Ana\u00efs (dir. C. Gu\u00e9rin-Bargues) BRISSIER Nolwenn (dir. D. Baranger) DE TRAVY Aur\u00e9lien [...]<\/p><\/div><\/article><article class=\"post fusion-column column col col-lg-12 col-md-12 col-sm-12\"><div class=\"recent-posts-content\"><span class=\"vcard\" style=\"display: none;\"><span class=\"fn\"><a href=\"https:\/\/institutvilley.com\/?author=1\" title=\"Articles par Institut Villey\" rel=\"author\">Institut Villey<\/a><\/span><\/span><span class=\"updated\" style=\"display:none;\">2026-03-25T14:00:07+00:00<\/span><h4 class=\"entry-title\"><a href=\"https:\/\/institutvilley.com\/?p=3808\">L&rsquo;Assembl\u00e9e nationale a attribu\u00e9 son prix sp\u00e9cial 2026 \u00e0 Nolwenn Brissier<\/a><\/h4><p class=\"meta\"><span class=\"vcard\" style=\"display: none;\"><span class=\"fn\"><a href=\"https:\/\/institutvilley.com\/?author=1\" title=\"Articles par Institut Villey\" rel=\"author\">Institut Villey<\/a><\/span><\/span><span class=\"updated\" style=\"display:none;\">2026-03-25T14:00:07+00:00<\/span><span>25 mars 2026<\/span><span class=\"fusion-inline-sep\">|<\/span><a href=\"https:\/\/institutvilley.com\/?cat=54\" rel=\"category\">Prix<\/a><span class=\"fusion-inline-sep\">|<\/span><\/p><p>Le Prix sp\u00e9cial de l'Assembl\u00e9e nationale en droit politique et parlementaire a \u00e9t\u00e9 attribu\u00e9, pour l'ann\u00e9e 2026, \u00e0 madame Nolwenn Brissier, docteur de l'Institut Michel Villey pour sa th\u00e8se :\u00a0L\u2019interpr\u00e9tation de la constitution. Entre exceptionnalit\u00e9 [...]<\/p><\/div><\/article><article class=\"post fusion-column column col col-lg-12 col-md-12 col-sm-12\"><div class=\"recent-posts-content\"><span class=\"vcard\" style=\"display: none;\"><span class=\"fn\"><a href=\"https:\/\/institutvilley.com\/?author=1\" title=\"Articles par Institut Villey\" rel=\"author\">Institut Villey<\/a><\/span><\/span><span class=\"updated\" style=\"display:none;\">2026-03-20T14:12:53+00:00<\/span><h4 class=\"entry-title\"><a href=\"https:\/\/institutvilley.com\/?p=3795\">Le comit\u00e9 d\u2019histoire du Conseil d\u2019\u00c9tat a attribu\u00e9 son prix 2026 \u00e0 Laure Weymuller<\/a><\/h4><p class=\"meta\"><span class=\"vcard\" style=\"display: none;\"><span class=\"fn\"><a href=\"https:\/\/institutvilley.com\/?author=1\" title=\"Articles par Institut Villey\" rel=\"author\">Institut Villey<\/a><\/span><\/span><span class=\"updated\" style=\"display:none;\">2026-03-20T14:12:53+00:00<\/span><span>20 mars 2026<\/span><span class=\"fusion-inline-sep\">|<\/span><a href=\"https:\/\/institutvilley.com\/?cat=54\" rel=\"category\">Prix<\/a><span class=\"fusion-inline-sep\">|<\/span><\/p><p>Le Comit\u00e9 d\u2019histoire du Conseil d\u2019Etat et de la juridiction administrative a d\u00e9cern\u00e9 son prix de th\u00e8se pour 2026 \u00e0 Mme Laure Weymuller, docteur de l\u2019Institut Michel Villey et du CRDA pour sa th\u00e8se : [...]<\/p><\/div><\/article><article class=\"post fusion-column column col col-lg-12 col-md-12 col-sm-12\"><div class=\"recent-posts-content\"><span class=\"vcard\" style=\"display: none;\"><span class=\"fn\"><a href=\"https:\/\/institutvilley.com\/?author=1\" title=\"Articles par Institut Villey\" rel=\"author\">Institut Villey<\/a><\/span><\/span><span class=\"updated\" style=\"display:none;\">2025-07-23T07:11:28+00:00<\/span><h4 class=\"entry-title\"><a href=\"https:\/\/institutvilley.com\/?p=3706\">Le Conseil constitutionnel a attribu\u00e9 son prix de th\u00e8se 2025 \u00e0 Marcia Chevrier<\/a><\/h4><p class=\"meta\"><span class=\"vcard\" style=\"display: none;\"><span class=\"fn\"><a href=\"https:\/\/institutvilley.com\/?author=1\" title=\"Articles par Institut Villey\" rel=\"author\">Institut Villey<\/a><\/span><\/span><span class=\"updated\" style=\"display:none;\">2025-07-23T07:11:28+00:00<\/span><span>23 juillet 2025<\/span><span class=\"fusion-inline-sep\">|<\/span><a href=\"https:\/\/institutvilley.com\/?cat=54\" rel=\"category\">Prix<\/a><span class=\"fusion-inline-sep\">|<\/span><\/p><p>L\u2019Institut Michel Villey a le plaisir d\u2019annoncer que Marcia Chevrier, ancienne doctorante de l'Institut Michel Villey, s'est vue d\u00e9cerner le prix de th\u00e8se 2025 attribu\u00e9 par le Conseil constitutionnel -&gt; https:\/\/www.conseil-constitutionnel.fr\/actualites\/attribution-du-prix-de-these-2025-du-conseil-constitutionnel Sa th\u00e8se, dirig\u00e9e par [...]<\/p><\/div><\/article><article class=\"post fusion-column column col col-lg-12 col-md-12 col-sm-12\"><div class=\"recent-posts-content\"><span class=\"vcard\" style=\"display: none;\"><span class=\"fn\"><a href=\"https:\/\/institutvilley.com\/?author=1\" title=\"Articles par Institut Villey\" rel=\"author\">Institut Villey<\/a><\/span><\/span><span class=\"updated\" style=\"display:none;\">2023-03-30T15:36:43+00:00<\/span><h4 class=\"entry-title\"><a href=\"https:\/\/institutvilley.com\/?p=3157\">L&rsquo;universit\u00e9 de Li\u00e8ge a d\u00e9cern\u00e9 le titre de docteur honoris causa au Pr Olivier Beaud<\/a><\/h4><p class=\"meta\"><span class=\"vcard\" style=\"display: none;\"><span class=\"fn\"><a href=\"https:\/\/institutvilley.com\/?author=1\" title=\"Articles par Institut Villey\" rel=\"author\">Institut Villey<\/a><\/span><\/span><span class=\"updated\" style=\"display:none;\">2023-03-30T15:36:43+00:00<\/span><span>28 mars 2023<\/span><span class=\"fusion-inline-sep\">|<\/span><a href=\"https:\/\/institutvilley.com\/?cat=54\" rel=\"category\">Prix<\/a><span class=\"fusion-inline-sep\">|<\/span><\/p><p>\u00a0 L\u2019Institut Michel Villey a le plaisir d\u2019annoncer que le Professeur Olivier BEAUD s\u2019est vu d\u00e9cerner, le samedi 25 mars 2023, le titre de Docteur honoris causa par l'Universit\u00e9 de Li\u00e8ge. Cette distinction honorifique permet [...]<\/p><\/div><\/article><article class=\"post fusion-column column col col-lg-12 col-md-12 col-sm-12\"><div class=\"recent-posts-content\"><span class=\"vcard\" style=\"display: none;\"><span class=\"fn\"><a href=\"https:\/\/institutvilley.com\/?author=1\" title=\"Articles par Institut Villey\" rel=\"author\">Institut Villey<\/a><\/span><\/span><span class=\"updated\" style=\"display:none;\">2022-05-16T12:39:21+00:00<\/span><h4 class=\"entry-title\"><a href=\"https:\/\/institutvilley.com\/?p=2690\">Laur\u00e9ats de prix de th\u00e8se en 2022<\/a><\/h4><p class=\"meta\"><span class=\"vcard\" style=\"display: none;\"><span class=\"fn\"><a href=\"https:\/\/institutvilley.com\/?author=1\" title=\"Articles par Institut Villey\" rel=\"author\">Institut Villey<\/a><\/span><\/span><span class=\"updated\" style=\"display:none;\">2022-05-16T12:39:21+00:00<\/span><span>16 mai 2022<\/span><span class=\"fusion-inline-sep\">|<\/span><a href=\"https:\/\/institutvilley.com\/?cat=54\" rel=\"category\">Prix<\/a><span class=\"fusion-inline-sep\">|<\/span><\/p><p>L\u2019Institut Michel Villey a le plaisir d\u2019annoncer la d\u00e9signation de plusieurs de ses docteurs au cours de l\u2019ann\u00e9e 2021 comme laur\u00e9ats de prix de th\u00e8se : \u00a0 Maud Michaud, L'Etat administratif aux Etats-Unis (dir. Denis [...]<\/p><\/div><\/article><article class=\"post fusion-column column col col-lg-12 col-md-12 col-sm-12\"><div class=\"recent-posts-content\"><span class=\"vcard\" style=\"display: none;\"><span class=\"fn\"><a href=\"https:\/\/institutvilley.com\/?author=1\" title=\"Articles par Institut Villey\" rel=\"author\">Institut Villey<\/a><\/span><\/span><span class=\"updated\" style=\"display:none;\">2022-05-02T20:55:24+00:00<\/span><h4 class=\"entry-title\"><a href=\"https:\/\/institutvilley.com\/?p=2502\">L&rsquo;universit\u00e9 de M\u00fcnster a d\u00e9cern\u00e9 le titre de docteur honoris causa au Pr Olivier Jouanjan<\/a><\/h4><p class=\"meta\"><span class=\"vcard\" style=\"display: none;\"><span class=\"fn\"><a href=\"https:\/\/institutvilley.com\/?author=1\" title=\"Articles par Institut Villey\" rel=\"author\">Institut Villey<\/a><\/span><\/span><span class=\"updated\" style=\"display:none;\">2022-05-02T20:55:24+00:00<\/span><span>3 janvier 2022<\/span><span class=\"fusion-inline-sep\">|<\/span><a href=\"https:\/\/institutvilley.com\/?cat=54\" rel=\"category\">Prix<\/a><span class=\"fusion-inline-sep\">|<\/span><\/p><p>L'Institut Michel Villey a le plaisir d'annoncer que le Professeur Olivier JOUANJAN s'est vu d\u00e9cerner le titre de docteur honoris causa par la facult\u00e9 de sciences juridiques de l\u2019universit\u00e9 de M\u00fcnster en novembre 2021. La [...]<\/p><\/div><\/article><article class=\"post fusion-column column col col-lg-12 col-md-12 col-sm-12\"><div class=\"recent-posts-content\"><span class=\"vcard\" style=\"display: none;\"><span class=\"fn\"><a href=\"https:\/\/institutvilley.com\/?author=1\" title=\"Articles par Institut Villey\" rel=\"author\">Institut Villey<\/a><\/span><\/span><span class=\"updated\" style=\"display:none;\">2021-12-17T10:02:10+00:00<\/span><h4 class=\"entry-title\"><a href=\"https:\/\/institutvilley.com\/?p=2483\">Prix de la Fondation Hugot du Coll\u00e8ge de France<\/a><\/h4><p class=\"meta\"><span class=\"vcard\" style=\"display: none;\"><span class=\"fn\"><a href=\"https:\/\/institutvilley.com\/?author=1\" title=\"Articles par Institut Villey\" rel=\"author\">Institut Villey<\/a><\/span><\/span><span class=\"updated\" style=\"display:none;\">2021-12-17T10:02:10+00:00<\/span><span>7 d\u00e9cembre 2021<\/span><span class=\"fusion-inline-sep\">|<\/span><a href=\"https:\/\/institutvilley.com\/?cat=54\" rel=\"category\">Prix<\/a><span class=\"fusion-inline-sep\">|<\/span><\/p><p>L'Institut Michel Villey a le plaisir d'annoncer la d\u00e9signation de l'une de ses doctorantes comme laur\u00e9at du : \u00a0 Prix de la Fondation Hugot du Coll\u00e8ge de France \u00a0 En 2001, le conseil d\u2019administration de [...]<\/p><\/div><\/article><article class=\"post fusion-column column col col-lg-12 col-md-12 col-sm-12\"><div class=\"recent-posts-content\"><span class=\"vcard\" style=\"display: none;\"><span class=\"fn\"><a href=\"https:\/\/institutvilley.com\/?author=1\" title=\"Articles par Institut Villey\" rel=\"author\">Institut Villey<\/a><\/span><\/span><span class=\"updated\" style=\"display:none;\">2022-06-21T09:02:59+00:00<\/span><h4 class=\"entry-title\"><a href=\"https:\/\/institutvilley.com\/?p=2479\">Laur\u00e9ats de prix de th\u00e8se en 2021<\/a><\/h4><p class=\"meta\"><span class=\"vcard\" style=\"display: none;\"><span class=\"fn\"><a href=\"https:\/\/institutvilley.com\/?author=1\" title=\"Articles par Institut Villey\" rel=\"author\">Institut Villey<\/a><\/span><\/span><span class=\"updated\" style=\"display:none;\">2022-06-21T09:02:59+00:00<\/span><span>6 d\u00e9cembre 2021<\/span><span class=\"fusion-inline-sep\">|<\/span><a href=\"https:\/\/institutvilley.com\/?cat=54\" rel=\"category\">Prix<\/a><span class=\"fusion-inline-sep\">|<\/span><\/p><p>L'Institut Michel Villey a le plaisir d'annoncer la d\u00e9signation de plusieurs de ses docteurs au cours de l'ann\u00e9e 2021 comme laur\u00e9ats de prix de th\u00e8se : \u00a0 Mathilde Laporte,\u00a0La distinction public-priv\u00e9 aux \u00c9tats-Unis et la [...]<\/p><\/div><\/article><article class=\"post fusion-column column col col-lg-12 col-md-12 col-sm-12\"><div class=\"recent-posts-content\"><span class=\"vcard\" style=\"display: none;\"><span class=\"fn\"><a href=\"https:\/\/institutvilley.com\/?author=1\" title=\"Articles par Institut Villey\" rel=\"author\">Institut Villey<\/a><\/span><\/span><span class=\"updated\" style=\"display:none;\">2021-12-17T10:12:27+00:00<\/span><h4 class=\"entry-title\"><a href=\"https:\/\/institutvilley.com\/?p=2492\">Prix Guy Carcassonne 2021<\/a><\/h4><p class=\"meta\"><span class=\"vcard\" style=\"display: none;\"><span class=\"fn\"><a href=\"https:\/\/institutvilley.com\/?author=1\" title=\"Articles par Institut Villey\" rel=\"author\">Institut Villey<\/a><\/span><\/span><span class=\"updated\" style=\"display:none;\">2021-12-17T10:12:27+00:00<\/span><span>5 d\u00e9cembre 2021<\/span><span class=\"fusion-inline-sep\">|<\/span><a href=\"https:\/\/institutvilley.com\/?cat=54\" rel=\"category\">Prix<\/a><span class=\"fusion-inline-sep\">|<\/span><\/p><p>L'Institut Michel Villey a le plaisir d'annoncer la d\u00e9signation de l'un de ses doctorants comme laur\u00e9at du : \u00a0 Prix Guy Carcassonne \u00a0 Cr\u00e9\u00e9 en 2014 par le Club des juristes, le Prix Guy Carcassonne [...]<\/p><\/div><\/article><article class=\"post fusion-column column col col-lg-12 col-md-12 col-sm-12\"><div class=\"recent-posts-content\"><span class=\"vcard\" style=\"display: none;\"><span class=\"fn\"><a href=\"https:\/\/institutvilley.com\/?author=1\" title=\"Articles par Institut Villey\" rel=\"author\">Institut Villey<\/a><\/span><\/span><span class=\"updated\" style=\"display:none;\">2021-10-05T15:30:18+00:00<\/span><h4 class=\"entry-title\"><a href=\"https:\/\/institutvilley.com\/?p=2418\">Mise \u00e0 jour des conditions d&rsquo;acc\u00e8s \u00e0 l&rsquo;Institut Villey<\/a><\/h4><p class=\"meta\"><span class=\"vcard\" style=\"display: none;\"><span class=\"fn\"><a href=\"https:\/\/institutvilley.com\/?author=1\" title=\"Articles par Institut Villey\" rel=\"author\">Institut Villey<\/a><\/span><\/span><span class=\"updated\" style=\"display:none;\">2021-10-05T15:30:18+00:00<\/span><span>5 octobre 2021<\/span><span class=\"fusion-inline-sep\">|<\/span><a href=\"https:\/\/institutvilley.com\/?cat=64\" rel=\"category\">Communiqu\u00e9<\/a><span class=\"fusion-inline-sep\">|<\/span><\/p><p>\u00a0 Note \u00e0 l\u2019attention des enseignants-chercheurs, doctorants, \u00e9tudiants de Paris II et personnes ext\u00e9rieures \u00a0 Les conditions sanitaires actuelles nous permettent d\u2019all\u00e9ger les contraintes d\u2019accueil au sein de l\u2019Institut Michel Villey : A compter de [...]<\/p><\/div><\/article><article class=\"post fusion-column column col col-lg-12 col-md-12 col-sm-12\"><div class=\"recent-posts-content\"><span class=\"vcard\" style=\"display: none;\"><span class=\"fn\"><a href=\"https:\/\/institutvilley.com\/?author=1\" title=\"Articles par Institut Villey\" rel=\"author\">Institut Villey<\/a><\/span><\/span><span class=\"updated\" style=\"display:none;\">2023-02-08T14:39:40+00:00<\/span><h4 class=\"entry-title\"><a href=\"https:\/\/institutvilley.com\/?p=2373\">Chaire Villey 2022 : Pr Jean-Fran\u00e7ois Kerv\u00e9gan<\/a><\/h4><p class=\"meta\"><span class=\"vcard\" style=\"display: none;\"><span class=\"fn\"><a href=\"https:\/\/institutvilley.com\/?author=1\" title=\"Articles par Institut Villey\" rel=\"author\">Institut Villey<\/a><\/span><\/span><span class=\"updated\" style=\"display:none;\">2023-02-08T14:39:40+00:00<\/span><span>1 juillet 2021<\/span><span class=\"fusion-inline-sep\">|<\/span><a href=\"https:\/\/institutvilley.com\/?cat=21\" rel=\"category\">Chaire Villey<\/a>, <a href=\"https:\/\/institutvilley.com\/?cat=64\" rel=\"category\">Communiqu\u00e9<\/a><span class=\"fusion-inline-sep\">|<\/span><\/p><p>La Chaire Michel Villey a \u00e9t\u00e9 attribu\u00e9e, pour l\u2019ann\u00e9e 2022, au Professeur \u00e9m\u00e9rite Jean-Fran\u00e7ois Kerv\u00e9gan (Universit\u00e9 Paris 1 Panth\u00e9on-Sorbonne). Jean-Fran\u00e7ois Kerv\u00e9gan est professeur \u00e9m\u00e9rite de philosophie \u00e0 l'Universit\u00e9 Panth\u00e9on-Sorbonne (Paris I) et membre honoraire de [...]<\/p><\/div><\/article><article class=\"post fusion-column column col col-lg-12 col-md-12 col-sm-12\"><div class=\"recent-posts-content\"><span class=\"vcard\" style=\"display: none;\"><span class=\"fn\"><a href=\"https:\/\/institutvilley.com\/?author=1\" title=\"Articles par Institut Villey\" rel=\"author\">Institut Villey<\/a><\/span><\/span><span class=\"updated\" style=\"display:none;\">2021-02-13T12:08:35+00:00<\/span><h4 class=\"entry-title\"><a href=\"https:\/\/institutvilley.com\/?p=2094\">R\u00e9ouverture au public de l&rsquo;Institut<\/a><\/h4><p class=\"meta\"><span class=\"vcard\" style=\"display: none;\"><span class=\"fn\"><a href=\"https:\/\/institutvilley.com\/?author=1\" title=\"Articles par Institut Villey\" rel=\"author\">Institut Villey<\/a><\/span><\/span><span class=\"updated\" style=\"display:none;\">2021-02-13T12:08:35+00:00<\/span><span>9 septembre 2020<\/span><span class=\"fusion-inline-sep\">|<\/span><a href=\"https:\/\/institutvilley.com\/?cat=64\" rel=\"category\">Communiqu\u00e9<\/a><span class=\"fusion-inline-sep\">|<\/span><\/p><p>L'Institut Michel Villey rouvre ses portes au public depuis le 7 septembre dans le respect des mesures du \"Plan de s\u00e9curit\u00e9 sanitaire\". Le port du masque est\u00a0obligatoire dans tout l\u2019Institut, ainsi que le respect des [...]<\/p><\/div><\/article><article class=\"post fusion-column column col col-lg-12 col-md-12 col-sm-12\"><div class=\"recent-posts-content\"><span class=\"vcard\" style=\"display: none;\"><span class=\"fn\"><a href=\"https:\/\/institutvilley.com\/?author=3\" title=\"Articles par \u00c9lodie Djordjevic\" rel=\"author\">\u00c9lodie Djordjevic<\/a><\/span><\/span><span class=\"updated\" style=\"display:none;\">2020-08-14T16:17:56+00:00<\/span><h4 class=\"entry-title\"><a href=\"https:\/\/institutvilley.com\/?p=2062\">Hommage au professeur Charles Leben (1945-2020)<\/a><\/h4><p class=\"meta\"><span class=\"vcard\" style=\"display: none;\"><span class=\"fn\"><a href=\"https:\/\/institutvilley.com\/?author=3\" title=\"Articles par \u00c9lodie Djordjevic\" rel=\"author\">\u00c9lodie Djordjevic<\/a><\/span><\/span><span class=\"updated\" style=\"display:none;\">2020-08-14T16:17:56+00:00<\/span><span>13 ao\u00fbt 2020<\/span><span class=\"fusion-inline-sep\">|<\/span><a href=\"https:\/\/institutvilley.com\/?cat=64\" rel=\"category\">Communiqu\u00e9<\/a>, <a href=\"https:\/\/institutvilley.com\/?cat=69\" rel=\"category\">Hommage<\/a><span class=\"fusion-inline-sep\">|<\/span><\/p><p>Charles Leben (1945-2020), par Olivier Jouanjan Texte en .pdf Le professeur Charles Leben est mort le 5 ao\u00fbt dernier \u00e0 l\u2019\u00e2ge de 75 ans. Ce fut une tr\u00e8s triste nouvelle pour tous ceux qui l\u2019ont [...]<\/p><\/div><\/article><article class=\"post fusion-column column col col-lg-12 col-md-12 col-sm-12\"><div class=\"recent-posts-content\"><span class=\"vcard\" style=\"display: none;\"><span class=\"fn\"><a href=\"https:\/\/institutvilley.com\/?author=1\" title=\"Articles par Institut Villey\" rel=\"author\">Institut Villey<\/a><\/span><\/span><span class=\"updated\" style=\"display:none;\">2019-10-31T16:20:49+00:00<\/span><h4 class=\"entry-title\"><a href=\"https:\/\/institutvilley.com\/?p=1715\">M. Julian Clarenne, chercheur invit\u00e9 junior<\/a><\/h4><p class=\"meta\"><span class=\"vcard\" style=\"display: none;\"><span class=\"fn\"><a href=\"https:\/\/institutvilley.com\/?author=1\" title=\"Articles par Institut Villey\" rel=\"author\">Institut Villey<\/a><\/span><\/span><span class=\"updated\" style=\"display:none;\">2019-10-31T16:20:49+00:00<\/span><span>31 octobre 2019<\/span><span class=\"fusion-inline-sep\">|<\/span><a href=\"https:\/\/institutvilley.com\/?cat=27\" rel=\"category\">Chercheur invit\u00e9<\/a><span class=\"fusion-inline-sep\">|<\/span><\/p><p>L'Institut Michel Villey a le plaisir d'annoncer que M. Julian Clarenne, doctorant \u00e0 l\u2019Universit\u00e9 Saint-Louis (Bruxelles) et attach\u00e9 au Centre interdisciplinaire de recherches en droit constitutionnel et administratif (CIRC), a vu sa candidature pour un [...]<\/p><\/div><\/article><article class=\"post fusion-column column col col-lg-12 col-md-12 col-sm-12\"><div class=\"recent-posts-content\"><span class=\"vcard\" style=\"display: none;\"><span class=\"fn\"><a href=\"https:\/\/institutvilley.com\/?author=1\" title=\"Articles par Institut Villey\" rel=\"author\">Institut Villey<\/a><\/span><\/span><span class=\"updated\" style=\"display:none;\">2019-11-06T10:41:17+00:00<\/span><h4 class=\"entry-title\"><a href=\"https:\/\/institutvilley.com\/?p=1710\">Prix de th\u00e8ses<\/a><\/h4><p class=\"meta\"><span class=\"vcard\" style=\"display: none;\"><span class=\"fn\"><a href=\"https:\/\/institutvilley.com\/?author=1\" title=\"Articles par Institut Villey\" rel=\"author\">Institut Villey<\/a><\/span><\/span><span class=\"updated\" style=\"display:none;\">2019-11-06T10:41:17+00:00<\/span><span>31 octobre 2019<\/span><span class=\"fusion-inline-sep\">|<\/span><a href=\"https:\/\/institutvilley.com\/?cat=54\" rel=\"category\">Prix<\/a><span class=\"fusion-inline-sep\">|<\/span><\/p><p>L'Institut Michel Villey a le plaisir d'annoncer que plusieurs de ses docteurs ont re\u00e7u au cours de l'ann\u00e9e 2019 des prix qui viennent couronner leurs travaux de th\u00e8se. Il tient \u00e0 les en f\u00e9liciter. Kevin [...]<\/p><\/div><\/article><article class=\"post fusion-column column col col-lg-12 col-md-12 col-sm-12\"><div class=\"recent-posts-content\"><span class=\"vcard\" style=\"display: none;\"><span class=\"fn\"><a href=\"https:\/\/institutvilley.com\/?author=1\" title=\"Articles par Institut Villey\" rel=\"author\">Institut Villey<\/a><\/span><\/span><span class=\"updated\" style=\"display:none;\">2019-11-06T10:18:07+00:00<\/span><h4 class=\"entry-title\"><a href=\"https:\/\/institutvilley.com\/?p=1678\">Le Pr O. Beaud re\u00e7oit le Prix du livre juridique 2019<\/a><\/h4><p class=\"meta\"><span class=\"vcard\" style=\"display: none;\"><span class=\"fn\"><a href=\"https:\/\/institutvilley.com\/?author=1\" title=\"Articles par Institut Villey\" rel=\"author\">Institut Villey<\/a><\/span><\/span><span class=\"updated\" style=\"display:none;\">2019-11-06T10:18:07+00:00<\/span><span>13 octobre 2019<\/span><span class=\"fusion-inline-sep\">|<\/span><a href=\"https:\/\/institutvilley.com\/?cat=54\" rel=\"category\">Prix<\/a><span class=\"fusion-inline-sep\">|<\/span><\/p><p>Le samedi 12 octobre 2019, le Pr Olivier Beaud recevait le Prix du livre juridique 2019 pour son ouvrage La R\u00e9publique injuri\u00e9e. Histoire des offenses au chef de l'\u00c9tat de la IIIe \u00e0 la Ve [...]<\/p><\/div><\/article><article class=\"post fusion-column column col col-lg-12 col-md-12 col-sm-12\"><div class=\"recent-posts-content\"><span class=\"vcard\" style=\"display: none;\"><span class=\"fn\"><a href=\"https:\/\/institutvilley.com\/?author=1\" title=\"Articles par Institut Villey\" rel=\"author\">Institut Villey<\/a><\/span><\/span><span class=\"updated\" style=\"display:none;\">2019-07-11T15:24:13+00:00<\/span><h4 class=\"entry-title\"><a href=\"https:\/\/institutvilley.com\/?p=1628\">Recrutement d\u2019un(e) vacataire<\/a><\/h4><p class=\"meta\"><span class=\"vcard\" style=\"display: none;\"><span class=\"fn\"><a href=\"https:\/\/institutvilley.com\/?author=1\" title=\"Articles par Institut Villey\" rel=\"author\">Institut Villey<\/a><\/span><\/span><span class=\"updated\" style=\"display:none;\">2019-07-11T15:24:13+00:00<\/span><span>11 juillet 2019<\/span><span class=\"fusion-inline-sep\">|<\/span><a href=\"https:\/\/institutvilley.com\/?cat=23\" rel=\"category\">Emploi<\/a><span class=\"fusion-inline-sep\">|<\/span><\/p><p>L\u2019institut Michel Villey recrute un ou une vacataire \u00e0 partir de la rentr\u00e9e 2019 pour l\u2019ensemble de l\u2019ann\u00e9e acad\u00e9mique. \u00a0 Intitul\u00e9 de la fonction\u00a0: Assistant administratif et de secr\u00e9tariat Institution\u00a0: Institut Michel Villey pour la [...]<\/p><\/div><\/article><article class=\"post fusion-column column col col-lg-12 col-md-12 col-sm-12\"><div class=\"recent-posts-content\"><span class=\"vcard\" style=\"display: none;\"><span class=\"fn\"><a href=\"https:\/\/institutvilley.com\/?author=1\" title=\"Articles par Institut Villey\" rel=\"author\">Institut Villey<\/a><\/span><\/span><span class=\"updated\" style=\"display:none;\">2019-10-31T14:21:58+00:00<\/span><h4 class=\"entry-title\"><a href=\"https:\/\/institutvilley.com\/?p=1681\">Le Dr J. Couillerot re\u00e7oit le Prix Albert Viala 2019<\/a><\/h4><p class=\"meta\"><span class=\"vcard\" style=\"display: none;\"><span class=\"fn\"><a href=\"https:\/\/institutvilley.com\/?author=1\" title=\"Articles par Institut Villey\" rel=\"author\">Institut Villey<\/a><\/span><\/span><span class=\"updated\" style=\"display:none;\">2019-10-31T14:21:58+00:00<\/span><span>29 avril 2019<\/span><span class=\"fusion-inline-sep\">|<\/span><a href=\"https:\/\/institutvilley.com\/?cat=54\" rel=\"category\">Prix<\/a><span class=\"fusion-inline-sep\">|<\/span><\/p><p>D\u00e9but avril 2019, le Dr J\u00e9r\u00f4me Couillerot recevait le Prix Albert Viala 2019 pour sa th\u00e8se Un r\u00e9gime de la libert\u00e9 : la d\u00e9mocratie dans l'\u0153uvre de Claude Lefort. J\u00e9r\u00f4me Couillerot, ancien doctorant et d\u00e9sormais [...]<\/p><\/div><\/article><article class=\"post fusion-column column col col-lg-12 col-md-12 col-sm-12\"><div class=\"recent-posts-content\"><span class=\"vcard\" style=\"display: none;\"><span class=\"fn\"><a href=\"https:\/\/institutvilley.com\/?author=1\" title=\"Articles par Institut Villey\" rel=\"author\">Institut Villey<\/a><\/span><\/span><span class=\"updated\" style=\"display:none;\">2019-10-31T15:06:17+00:00<\/span><h4 class=\"entry-title\"><a href=\"https:\/\/institutvilley.com\/?p=1700\">Hommage de l\u2019Institut Michel Villey au professeur Jean-Jacques Bienvenu (1948-2017)<\/a><\/h4><p class=\"meta\"><span class=\"vcard\" style=\"display: none;\"><span class=\"fn\"><a href=\"https:\/\/institutvilley.com\/?author=1\" title=\"Articles par Institut Villey\" rel=\"author\">Institut Villey<\/a><\/span><\/span><span class=\"updated\" style=\"display:none;\">2019-10-31T15:06:17+00:00<\/span><span>31 janvier 2017<\/span><span class=\"fusion-inline-sep\">|<\/span><a href=\"https:\/\/institutvilley.com\/?cat=64\" rel=\"category\">Communiqu\u00e9<\/a><span class=\"fusion-inline-sep\">|<\/span><\/p><p>Le professeur Jean-Jacques Bienvenu nous a quitt\u00e9s la semaine derni\u00e8re \u00e0 l\u2019\u00e2ge de\u00a068\u00a0ans. Sa mort a suscit\u00e9 une vive \u00e9motion dans notre Universit\u00e9, celle de Panth\u00e9on-Assas (Paris\u00a0II), \u00e0 laquelle il \u00e9tait consid\u00e9rablement attach\u00e9 et pour [...]<\/p><\/div><\/article><article class=\"post fusion-column column col col-lg-12 col-md-12 col-sm-12\"><div class=\"recent-posts-content\"><span class=\"vcard\" style=\"display: none;\"><span class=\"fn\"><a href=\"https:\/\/institutvilley.com\/?author=1\" title=\"Articles par Institut Villey\" rel=\"author\">Institut Villey<\/a><\/span><\/span><span class=\"updated\" style=\"display:none;\">2019-10-31T15:01:00+00:00<\/span><h4 class=\"entry-title\"><a href=\"https:\/\/institutvilley.com\/?p=1697\">Communiqu\u00e9 relatif aux attentats du 13 novembre 2015<\/a><\/h4><p class=\"meta\"><span class=\"vcard\" style=\"display: none;\"><span class=\"fn\"><a href=\"https:\/\/institutvilley.com\/?author=1\" title=\"Articles par Institut Villey\" rel=\"author\">Institut Villey<\/a><\/span><\/span><span class=\"updated\" style=\"display:none;\">2019-10-31T15:01:00+00:00<\/span><span>19 novembre 2015<\/span><span class=\"fusion-inline-sep\">|<\/span><a href=\"https:\/\/institutvilley.com\/?cat=64\" rel=\"category\">Communiqu\u00e9<\/a><span class=\"fusion-inline-sep\">|<\/span><\/p><p>Profond\u00e9ment touch\u00e9s par les \u00e9v\u00e9nements dramatiques qui ont eu lieu vendredi 13 novembre 2015 \u00e0 Paris, nous souhaitons exprimer notre tr\u00e8s vive \u00e9motion et notre participation au deuil de toute la Nation. Notre Universit\u00e9 fait [...]<\/p><\/div><\/article><\/section><\/div><div class=\"fusion-clearfix\"><\/div><\/div><\/div><\/div><\/div>\n","protected":false},"excerpt":{"rendered":"","protected":false},"author":1,"featured_media":0,"parent":14,"menu_order":0,"comment_status":"closed","ping_status":"closed","template":"","meta":{"footnotes":""},"_links":{"self":[{"href":"https:\/\/institutvilley.com\/index.php?rest_route=\/wp\/v2\/pages\/1689"}],"collection":[{"href":"https:\/\/institutvilley.com\/index.php?rest_route=\/wp\/v2\/pages"}],"about":[{"href":"https:\/\/institutvilley.com\/index.php?rest_route=\/wp\/v2\/types\/page"}],"author":[{"embeddable":true,"href":"https:\/\/institutvilley.com\/index.php?rest_route=\/wp\/v2\/users\/1"}],"replies":[{"embeddable":true,"href":"https:\/\/institutvilley.com\/index.php?rest_route=%2Fwp%2Fv2%2Fcomments&post=1689"}],"version-history":[{"count":21,"href":"https:\/\/institutvilley.com\/index.php?rest_route=\/wp\/v2\/pages\/1689\/revisions"}],"predecessor-version":[{"id":3786,"href":"https:\/\/institutvilley.com\/index.php?rest_route=\/wp\/v2\/pages\/1689\/revisions\/3786"}],"up":[{"embeddable":true,"href":"https:\/\/institutvilley.com\/index.php?rest_route=\/wp\/v2\/pages\/14"}],"wp:attachment":[{"href":"https:\/\/institutvilley.com\/index.php?rest_route=%2Fwp%2Fv2%2Fmedia&parent=1689"}],"curies":[{"name":"wp","href":"https:\/\/api.w.org\/{rel}","templated":true}]}}